{"id":66,"date":"2023-10-11T12:06:52","date_gmt":"2023-10-11T10:06:52","guid":{"rendered":"https:\/\/maison-du-midi.fr\/blog\/?page_id=66"},"modified":"2023-10-11T12:06:52","modified_gmt":"2023-10-11T10:06:52","slug":"plan-du-site","status":"publish","type":"page","link":"https:\/\/maison-du-midi.fr\/blog\/plan-du-site\/","title":{"rendered":"Plan du site"},"content":{"rendered":"<h2><a href=\"https:\/\/maison-du-midi.fr\/blog\/a-la-une\/\" class=\"simple\">\u00c0 la une<\/a><\/h2><ul><li><a href=\"https:\/\/maison-du-midi.fr\/blog\/a-la-une\/parc-animalier-pyrenees-visite-tarifs\/\" class=\"simple\">Guide complet pour d\u00e9couvrir le Parc animalier des Pyr\u00e9n\u00e9es sans rien manquer<\/a><\/li><li><a href=\"https:\/\/maison-du-midi.fr\/blog\/a-la-une\/touristes-au-sud-de-la-france-guide-complet-esim-pour-europeens\/\" class=\"simple\">Touristes au sud de la France : guide complet eSIM pour Europ\u00e9ens<\/a><\/li><li><a href=\"https:\/\/maison-du-midi.fr\/blog\/a-la-une\/quel-tapis-de-baignoire-choisir-pour-eviter-les-chutes\/\" class=\"simple\">Quel tapis de baignoire choisir pour \u00e9viter les chutes ?<\/a><\/li><li><a href=\"https:\/\/maison-du-midi.fr\/blog\/a-la-une\/lampe-de-chevet-rechargeable-autonomie-garantie\/\" class=\"simple\">Lampe de chevet rechargeable : autonomie garantie<\/a><\/li><li><a href=\"https:\/\/maison-du-midi.fr\/blog\/a-la-une\/rampe-escalier-en-metal-decoratif-a-petit-prix\/\" class=\"simple\">Rampe escalier en m\u00e9tal d\u00e9coratif \u00e0 petit prix<\/a><\/li><li><a href=\"https:\/\/maison-du-midi.fr\/blog\/a-la-une\/reveils-projecteurs-lheure-au-plafond-en-2025\/\" class=\"simple\">R\u00e9veils projecteurs : l&#039;heure au plafond en 2025<\/a><\/li><li><a href=\"https:\/\/maison-du-midi.fr\/blog\/a-la-une\/schema-disolation-de-toiture-methodes-et-bonnes-pratiques\/\" class=\"simple\">Sch\u00e9ma d\u2019isolation de toiture : m\u00e9thodes et bonnes pratiques<\/a><\/li><li><a href=\"https:\/\/maison-du-midi.fr\/blog\/a-la-une\/menuisier-guerande-et-presquile-choisir-son-artisan\/\" class=\"simple\">Menuisier Gu\u00e9rande et Presqu&#039;\u00eele : choisir son artisan<\/a><\/li><li><a href=\"https:\/\/maison-du-midi.fr\/blog\/a-la-une\/renovation-energetique-dans-lorne-aides-et-solutions\/\" class=\"simple\">R\u00e9novation \u00e9nerg\u00e9tique dans l&#039;Orne : aides et solutions<\/a><\/li><li><a href=\"https:\/\/maison-du-midi.fr\/blog\/a-la-une\/top-7-inspirations-pour-reussir-sa-deco-de-jardin\/\" class=\"simple\">Top 7 inspirations pour r\u00e9ussir sa d\u00e9co de jardin<\/a><\/li><li><a href=\"https:\/\/maison-du-midi.fr\/blog\/a-la-une\/prix-bac-acier-ce-quil-faut-savoir-avant-dacheter\/\" class=\"simple\">Prix bac acier : ce qu\u2019il faut savoir avant d\u2019acheter<\/a><\/li><li><a href=\"https:\/\/maison-du-midi.fr\/blog\/a-la-une\/visite-guidee-de-nos-showrooms-de-rixheim-et-cannes\/\" class=\"simple\">Visite guid\u00e9e de nos showrooms de Rixheim et Cannes<\/a><\/li><li><a href=\"https:\/\/maison-du-midi.fr\/blog\/a-la-une\/top-10-des-astuces-pour-un-entretien-preventif-de-votre-installation-sanitaire\/\" class=\"simple\">Top 10 des astuces pour un entretien pr\u00e9ventif de votre installation sanitaire<\/a><\/li><li><a href=\"https:\/\/maison-du-midi.fr\/blog\/a-la-une\/pourquoi-renforcer-ses-batiments-industriels-pour-accueillir-des-panneaux-solaires\/\" class=\"simple\">Pourquoi renforcer ses b\u00e2timents industriels pour accueillir des panneaux solaires\u00a0?<\/a><\/li><li><a href=\"https:\/\/maison-du-midi.fr\/blog\/a-la-une\/guide-complet-pour-choisir-une-pergola-a-marseille\/\" class=\"simple\">Guide complet pour choisir une pergola \u00e0 Marseille<\/a><\/li><\/ul><h2><a href=\"https:\/\/maison-du-midi.fr\/blog\/conseils-immobiliers\/\" class=\"simple\">Conseils immobiliers<\/a><\/h2><ul><li><a href=\"https:\/\/maison-du-midi.fr\/blog\/conseils-immobiliers\/prix-dune-tiny-house-en-2025-couts-options-et-conseils-essentiels\/\" class=\"simple\">Prix d&#039;une tiny house en 2025 : co\u00fbts, options et conseils essentiels<\/a><\/li><li><a href=\"https:\/\/maison-du-midi.fr\/blog\/conseils-immobiliers\/pourquoi-choisir-un-gite-rural-dans-le-sud-de-la-france-avantages-et-conseils\/\" class=\"simple\">Pourquoi choisir un g\u00eete rural dans le Sud de la France : avantages et conseils<\/a><\/li><li><a href=\"https:\/\/maison-du-midi.fr\/blog\/conseils-immobiliers\/les-meilleurs-gites-ruraux-dans-le-sud-de-la-france-conseils-et-adresses\/\" class=\"simple\">Les meilleurs g\u00eetes ruraux dans le Sud de la France : conseils et adresses<\/a><\/li><li><a href=\"https:\/\/maison-du-midi.fr\/blog\/conseils-immobiliers\/notaire-immobilier-en-provence-conseils-cles-pour-reussir-votre-achat\/\" class=\"simple\">Notaire immobilier en Provence : conseils cl\u00e9s pour r\u00e9ussir votre achat<\/a><\/li><\/ul><h2><a href=\"https:\/\/maison-du-midi.fr\/blog\/conseils-pratiques-et-diy\/\" class=\"simple\">Conseils Pratiques et DIY<\/a><\/h2><ul><li><a href=\"https:\/\/maison-du-midi.fr\/blog\/conseils-pratiques-et-diy\/comment-choisir-la-taille-de-plaques-de-lisseur-selon-votre-longueur-de-cheveux\/\" class=\"simple\">Comment choisir la taille de plaques de lisseur selon votre longueur de cheveux<\/a><\/li><li><a href=\"https:\/\/maison-du-midi.fr\/blog\/conseils-pratiques-et-diy\/ete-au-frais\/comment-garder-sa-maison-fraiche-en-ete\/\" class=\"simple\">Comment garder sa maison fra\u00eeche en \u00e9t\u00e9 ?<\/a><\/li><li><a href=\"https:\/\/maison-du-midi.fr\/blog\/conseils-pratiques-et-diy\/ete-au-frais\/a-partir-de-quelle-temperature-parle-t-on-de-canicule\/\" class=\"simple\">\u00c0 partir de quelle temp\u00e9rature parle-t-on de canicule ?<\/a><\/li><li><a href=\"https:\/\/maison-du-midi.fr\/blog\/conseils-pratiques-et-diy\/ete-au-frais\/faut-il-fermer-les-volets-quand-il-fait-chaud\/\" class=\"simple\">Faut-il fermer les volets quand il fait chaud ?<\/a><\/li><li><a href=\"https:\/\/maison-du-midi.fr\/blog\/conseils-pratiques-et-diy\/ete-au-frais\/comment-bien-dormir-quand-il-fait-chaud\/\" class=\"simple\">Comment bien dormir quand il fait chaud ?<\/a><\/li><li><a href=\"https:\/\/maison-du-midi.fr\/blog\/conseils-pratiques-et-diy\/ete-au-frais\/combien-consomme-un-ventilateur\/\" class=\"simple\">Combien consomme un ventilateur ?<\/a><\/li><li><a href=\"https:\/\/maison-du-midi.fr\/blog\/conseils-pratiques-et-diy\/ete-au-frais\/peut-on-installer-une-climatisation-en-copropriete\/\" class=\"simple\">Peut-on installer une climatisation en copropri\u00e9t\u00e9 ?<\/a><\/li><li><a href=\"https:\/\/maison-du-midi.fr\/blog\/conseils-pratiques-et-diy\/ete-au-frais\/combien-coute-linstallation-dune-climatisation-fixe\/\" class=\"simple\">Combien co\u00fbte l&#039;installation d&#039;une climatisation fixe ?<\/a><\/li><li><a href=\"https:\/\/maison-du-midi.fr\/blog\/conseils-pratiques-et-diy\/ete-au-frais\/climatiseur-mobile-a-quoi-sert-le-tuyau-devacuation\/\" class=\"simple\">Climatiseur mobile : \u00e0 quoi sert le tuyau d&#039;\u00e9vacuation ?<\/a><\/li><li><a href=\"https:\/\/maison-du-midi.fr\/blog\/conseils-pratiques-et-diy\/ete-au-frais\/film-anti-chaleur-pour-fenetre-est-ce-vraiment-efficace\/\" class=\"simple\">Film anti-chaleur pour fen\u00eatre : est-ce vraiment efficace ?<\/a><\/li><li><a href=\"https:\/\/maison-du-midi.fr\/blog\/conseils-pratiques-et-diy\/ete-au-frais\/a-quelle-temperature-regler-sa-climatisation-en-ete\/\" class=\"simple\">\u00c0 quelle temp\u00e9rature r\u00e9gler sa climatisation en \u00e9t\u00e9 ?<\/a><\/li><li><a href=\"https:\/\/maison-du-midi.fr\/blog\/conseils-pratiques-et-diy\/ete-au-frais\/combien-consomme-une-climatisation\/\" class=\"simple\">Combien consomme une climatisation ?<\/a><\/li><li><a href=\"https:\/\/maison-du-midi.fr\/blog\/conseils-pratiques-et-diy\/ete-au-frais\/ventilateur-ou-climatiseur-lequel-choisir-pour-lete\/\" class=\"simple\">Ventilateur ou climatiseur : lequel choisir pour l&#039;\u00e9t\u00e9 ?<\/a><\/li><li><a href=\"https:\/\/maison-du-midi.fr\/blog\/conseils-pratiques-et-diy\/ete-au-frais\/comment-rafraichir-une-piece-sans-climatisation\/\" class=\"simple\">Comment rafra\u00eechir une pi\u00e8ce sans climatisation ?<\/a><\/li><li><a href=\"https:\/\/maison-du-midi.fr\/blog\/conseils-pratiques-et-diy\/moto-electrique-et-permis-a-ce-quil-faut-savoir-sur-cette-nouvelle-mobilite\/\" class=\"simple\">Moto \u00e9lectrique et permis A : ce qu&#039;il faut savoir sur cette nouvelle mobilit\u00e9<\/a><\/li><li><a href=\"https:\/\/maison-du-midi.fr\/blog\/conseils-pratiques-et-diy\/investir-dans-une-oliveraie-avantages-ecologiques-et-rentabilite\/\" class=\"simple\">Investir dans une oliveraie : avantages \u00e9cologiques et rentabilit\u00e9<\/a><\/li><li><a href=\"https:\/\/maison-du-midi.fr\/blog\/conseils-pratiques-et-diy\/les-cadeaux-typiques-de-france-saveurs-regionales-et-artisans-locaux\/\" class=\"simple\">Les cadeaux typiques de France : saveurs r\u00e9gionales et artisans locaux<\/a><\/li><li><a href=\"https:\/\/maison-du-midi.fr\/blog\/conseils-pratiques-et-diy\/tesla-prepare-un-smartphone-date-fonctionnalites-et-innovations-a-venir\/\" class=\"simple\">Tesla pr\u00e9pare un smartphone : date, fonctionnalit\u00e9s et innovations \u00e0 venir<\/a><\/li><li><a href=\"https:\/\/maison-du-midi.fr\/blog\/conseils-pratiques-et-diy\/moto-electrique-permis-a\/\" class=\"simple\">moto \u00e9lectrique permis a<\/a><\/li><li><a href=\"https:\/\/maison-du-midi.fr\/blog\/conseils-pratiques-et-diy\/extreme-download-tout-savoir-sur-le-telechargement-a-grande-vitesse-et-sites-specialises\/\" class=\"simple\">Extreme Download : Tout savoir sur le t\u00e9l\u00e9chargement \u00e0 grande vitesse et sites sp\u00e9cialis\u00e9s<\/a><\/li><li><a href=\"https:\/\/maison-du-midi.fr\/blog\/conseils-pratiques-et-diy\/comment-partager-un-reel-en-story-instagram-pour-booster-sa-visibilite\/\" class=\"simple\">Comment partager un Reel en story Instagram pour booster sa visibilit\u00e9<\/a><\/li><li><a href=\"https:\/\/maison-du-midi.fr\/blog\/conseils-pratiques-et-diy\/extreme-download-comment-acceder-rapidement-a-vos-fichiers-preferes\/\" class=\"simple\">Extreme Download : Comment acc\u00e9der rapidement \u00e0 vos fichiers pr\u00e9f\u00e9r\u00e9s<\/a><\/li><li><a href=\"https:\/\/maison-du-midi.fr\/blog\/conseils-pratiques-et-diy\/extreme-download-comment-telecharger-rapidement-et-en-toute-securite\/\" class=\"simple\">Extreme Download : Comment t\u00e9l\u00e9charger rapidement et en toute s\u00e9curit\u00e9<\/a><\/li><\/ul><h2><a href=\"https:\/\/maison-du-midi.fr\/blog\/decoration-et-design-interieur\/\" class=\"simple\">D\u00e9coration et Design Int\u00e9rieur<\/a><\/h2><ul><li><a href=\"https:\/\/maison-du-midi.fr\/blog\/decoration-et-design-interieur\/comment-optimiser-lespace-dans-une-petite-maison\/\" class=\"simple\">Comment optimiser l&#039;espace dans une petite maison<\/a><\/li><li><a href=\"https:\/\/maison-du-midi.fr\/blog\/decoration-et-design-interieur\/astuces-pour-une-decoration-interieure-reussie\/\" class=\"simple\">astuces pour une d\u00e9coration int\u00e9rieure r\u00e9ussie<\/a><\/li><li><a href=\"https:\/\/maison-du-midi.fr\/blog\/decoration-et-design-interieur\/pergola-bioclimatique-comment-optimiser-votre-terrasse-avec-cette-solution-durable\/\" class=\"simple\">Pergola bioclimatique : comment optimiser votre terrasse avec cette solution durable<\/a><\/li><li><a href=\"https:\/\/maison-du-midi.fr\/blog\/decoration-et-design-interieur\/volets-provencaux-couleur-histoire-elegance-et-tradition-au-coeur-de-votre-maison\/\" class=\"simple\">Volets proven\u00e7aux couleur : histoire, \u00e9l\u00e9gance et tradition au c\u0153ur de votre maison<\/a><\/li><li><a href=\"https:\/\/maison-du-midi.fr\/blog\/decoration-et-design-interieur\/architecture-provencale-tradition-et-modernite-au-coeur-du-sud-de-la-france\/\" class=\"simple\">Architecture proven\u00e7ale : tradition et modernit\u00e9 au c\u0153ur du sud de la France<\/a><\/li><li><a href=\"https:\/\/maison-du-midi.fr\/blog\/decoration-et-design-interieur\/comment-amenager-une-terrasse-ombragee-en-provence-pour-resister-a-la-chaleur\/\" class=\"simple\">Comment am\u00e9nager une terrasse ombrag\u00e9e en Provence pour r\u00e9sister \u00e0 la chaleur<\/a><\/li><li><a href=\"https:\/\/maison-du-midi.fr\/blog\/decoration-et-design-interieur\/comment-amenager-une-piscine-mediterraneenne-pour-un-espace-de-detente-unique\/\" class=\"simple\">Comment am\u00e9nager une piscine m\u00e9diterran\u00e9enne pour un espace de d\u00e9tente unique<\/a><\/li><li><a href=\"https:\/\/maison-du-midi.fr\/blog\/decoration-et-design-interieur\/decoration-mediterraneenne-cles-pour-un-interieur-lumineux-et-aere\/\" class=\"simple\">D\u00e9coration m\u00e9diterran\u00e9enne : cl\u00e9s pour un int\u00e9rieur lumineux et a\u00e9r\u00e9<\/a><\/li><li><a href=\"https:\/\/maison-du-midi.fr\/blog\/decoration-et-design-interieur\/pourquoi-opter-pour-un-cadeau-typique-francais-authenticite-et-savoir-faire\/\" class=\"simple\">Pourquoi opter pour un cadeau typique fran\u00e7ais : authenticit\u00e9 et savoir-faire<\/a><\/li><li><a href=\"https:\/\/maison-du-midi.fr\/blog\/decoration-et-design-interieur\/smart-tv-ou-android-tv-quel-choix-pour-une-experience-optimale-en-2025\/\" class=\"simple\">Smart TV ou Android TV : quel choix pour une exp\u00e9rience optimale en 2025<\/a><\/li><li><a href=\"https:\/\/maison-du-midi.fr\/blog\/decoration-et-design-interieur\/creer-une-ambiance-chaleureuse-avec-la-decoration\/\" class=\"simple\">Cr\u00e9er une ambiance chaleureuse avec la d\u00e9coration<\/a><\/li><li><a href=\"https:\/\/maison-du-midi.fr\/blog\/decoration-et-design-interieur\/les-etapes-cles-pour-vendre-votre-maison-rapidement\/\" class=\"simple\">Les \u00e9tapes cl\u00e9s pour vendre votre maison rapidement<\/a><\/li><li><a href=\"https:\/\/maison-du-midi.fr\/blog\/decoration-et-design-interieur\/les-erreurs-a-eviter-lors-dune-renovation-immobiliere\/\" class=\"simple\">Les erreurs \u00e0 \u00e9viter lors d&#039;une r\u00e9novation immobili\u00e8re<\/a><\/li><li><a href=\"https:\/\/maison-du-midi.fr\/blog\/decoration-et-design-interieur\/limportance-de-choisir-les-bons-materiaux-pour-votre-maison\/\" class=\"simple\">L&#039;importance de choisir les bons mat\u00e9riaux pour votre maison<\/a><\/li><li><a href=\"https:\/\/maison-du-midi.fr\/blog\/decoration-et-design-interieur\/renovation-durable-comment-allier-esthetique-et-ecologie\/\" class=\"simple\">R\u00e9novation durable : comment allier esth\u00e9tique et \u00e9cologie<\/a><\/li><li><a href=\"https:\/\/maison-du-midi.fr\/blog\/decoration-et-design-interieur\/guide-pratique-pour-estimer-la-valeur-de-votre-bien-immobilier\/\" class=\"simple\">Guide pratique pour estimer la valeur de votre bien immobilier<\/a><\/li><li><a href=\"https:\/\/maison-du-midi.fr\/blog\/decoration-et-design-interieur\/les-tendances-deco-incontournables-en-2023\/\" class=\"simple\">Les tendances d\u00e9co incontournables en 2023<\/a><\/li><li><a href=\"https:\/\/maison-du-midi.fr\/blog\/decoration-et-design-interieur\/comment-reussir-votre-projet-de-renovation-maison\/\" class=\"simple\">Comment r\u00e9ussir votre projet de r\u00e9novation maison<\/a><\/li><\/ul><h2><a href=\"https:\/\/maison-du-midi.fr\/blog\/ecologie-et-construction-durable\/\" class=\"simple\">\u00c9cologie et Construction Durable<\/a><\/h2><ul><li><a href=\"https:\/\/maison-du-midi.fr\/blog\/ecologie-et-construction-durable\/citerne-deau-de-pluie-comment-optimiser-sa-recuperation-pour-votre-maison\/\" class=\"simple\">Citerne d\u2019eau de pluie : comment optimiser sa r\u00e9cup\u00e9ration pour votre maison<\/a><\/li><\/ul><h2><a href=\"https:\/\/maison-du-midi.fr\/blog\/immobilier-et-achat-vente\/\" class=\"simple\">Immobilier et Achat\/Vente<\/a><\/h2><ul><li><a href=\"https:\/\/maison-du-midi.fr\/blog\/immobilier-et-achat-vente\/taxe-fonciere-dans-le-sud-de-la-france-enjeux-et-impacts-pour-les-proprietaires\/\" class=\"simple\">Taxe fonci\u00e8re dans le sud de la France : enjeux et impacts pour les propri\u00e9taires<\/a><\/li><li><a href=\"https:\/\/maison-du-midi.fr\/blog\/immobilier-et-achat-vente\/investissement-locatif-dans-le-sud-de-la-france-strategies-et-atouts-essentiels\/\" class=\"simple\">Investissement locatif dans le Sud de la France : strat\u00e9gies et atouts essentiels<\/a><\/li><li><a href=\"https:\/\/maison-du-midi.fr\/blog\/immobilier-et-achat-vente\/prix-immobilier-en-sud-france-2025-tendances-et-regions-cles\/\" class=\"simple\">Prix immobilier en Sud France 2025 : tendances et r\u00e9gions cl\u00e9s<\/a><\/li><li><a href=\"https:\/\/maison-du-midi.fr\/blog\/immobilier-et-achat-vente\/maison-provencale-a-vendre-caracteristiques-et-conseils-pour-acheter-dans-le-sud-est-de-la-france\/\" class=\"simple\">Maison proven\u00e7ale \u00e0 vendre : caract\u00e9ristiques et conseils pour acheter dans le sud-est de la France<\/a><\/li><\/ul><h2><a href=\"https:\/\/maison-du-midi.fr\/blog\/jardinage\/\" class=\"simple\">Jardinage<\/a><\/h2><ul><li><a href=\"https:\/\/maison-du-midi.fr\/blog\/jardinage\/amenagement-dun-jardin-provencal-les-cles-pour-un-style-authentique\/\" class=\"simple\">Am\u00e9nagement d\u2019un jardin proven\u00e7al : les cl\u00e9s pour un style authentique<\/a><\/li><\/ul><h2><a href=\"https:\/\/maison-du-midi.fr\/blog\/conseils-pratiques-et-diy\/ete-au-frais\/\" class=\"simple\">L&#039;\u00e9t\u00e9 au frais<\/a><\/h2><ul><li><a href=\"https:\/\/maison-du-midi.fr\/blog\/conseils-pratiques-et-diy\/ete-au-frais\/comment-garder-sa-maison-fraiche-en-ete\/\" class=\"simple\">Comment garder sa maison fra\u00eeche en \u00e9t\u00e9 ?<\/a><\/li><li><a href=\"https:\/\/maison-du-midi.fr\/blog\/conseils-pratiques-et-diy\/ete-au-frais\/a-partir-de-quelle-temperature-parle-t-on-de-canicule\/\" class=\"simple\">\u00c0 partir de quelle temp\u00e9rature parle-t-on de canicule ?<\/a><\/li><li><a href=\"https:\/\/maison-du-midi.fr\/blog\/conseils-pratiques-et-diy\/ete-au-frais\/faut-il-fermer-les-volets-quand-il-fait-chaud\/\" class=\"simple\">Faut-il fermer les volets quand il fait chaud ?<\/a><\/li><li><a href=\"https:\/\/maison-du-midi.fr\/blog\/conseils-pratiques-et-diy\/ete-au-frais\/comment-bien-dormir-quand-il-fait-chaud\/\" class=\"simple\">Comment bien dormir quand il fait chaud ?<\/a><\/li><li><a href=\"https:\/\/maison-du-midi.fr\/blog\/conseils-pratiques-et-diy\/ete-au-frais\/combien-consomme-un-ventilateur\/\" class=\"simple\">Combien consomme un ventilateur ?<\/a><\/li><li><a href=\"https:\/\/maison-du-midi.fr\/blog\/conseils-pratiques-et-diy\/ete-au-frais\/peut-on-installer-une-climatisation-en-copropriete\/\" class=\"simple\">Peut-on installer une climatisation en copropri\u00e9t\u00e9 ?<\/a><\/li><li><a href=\"https:\/\/maison-du-midi.fr\/blog\/conseils-pratiques-et-diy\/ete-au-frais\/combien-coute-linstallation-dune-climatisation-fixe\/\" class=\"simple\">Combien co\u00fbte l&#039;installation d&#039;une climatisation fixe ?<\/a><\/li><li><a href=\"https:\/\/maison-du-midi.fr\/blog\/conseils-pratiques-et-diy\/ete-au-frais\/climatiseur-mobile-a-quoi-sert-le-tuyau-devacuation\/\" class=\"simple\">Climatiseur mobile : \u00e0 quoi sert le tuyau d&#039;\u00e9vacuation ?<\/a><\/li><li><a href=\"https:\/\/maison-du-midi.fr\/blog\/conseils-pratiques-et-diy\/ete-au-frais\/film-anti-chaleur-pour-fenetre-est-ce-vraiment-efficace\/\" class=\"simple\">Film anti-chaleur pour fen\u00eatre : est-ce vraiment efficace ?<\/a><\/li><li><a href=\"https:\/\/maison-du-midi.fr\/blog\/conseils-pratiques-et-diy\/ete-au-frais\/a-quelle-temperature-regler-sa-climatisation-en-ete\/\" class=\"simple\">\u00c0 quelle temp\u00e9rature r\u00e9gler sa climatisation en \u00e9t\u00e9 ?<\/a><\/li><li><a href=\"https:\/\/maison-du-midi.fr\/blog\/conseils-pratiques-et-diy\/ete-au-frais\/combien-consomme-une-climatisation\/\" class=\"simple\">Combien consomme une climatisation ?<\/a><\/li><li><a href=\"https:\/\/maison-du-midi.fr\/blog\/conseils-pratiques-et-diy\/ete-au-frais\/ventilateur-ou-climatiseur-lequel-choisir-pour-lete\/\" class=\"simple\">Ventilateur ou climatiseur : lequel choisir pour l&#039;\u00e9t\u00e9 ?<\/a><\/li><li><a href=\"https:\/\/maison-du-midi.fr\/blog\/conseils-pratiques-et-diy\/ete-au-frais\/comment-rafraichir-une-piece-sans-climatisation\/\" class=\"simple\">Comment rafra\u00eechir une pi\u00e8ce sans climatisation ?<\/a><\/li><\/ul><h2><a href=\"https:\/\/maison-du-midi.fr\/blog\/renovation\/\" class=\"simple\">R\u00e9novation<\/a><\/h2><ul><li><a href=\"https:\/\/maison-du-midi.fr\/blog\/renovation\/les-meilleures-solutions-economiques-pour-se-chauffer-en-2025\/\" class=\"simple\">Les meilleures solutions \u00e9conomiques pour se chauffer en 2025<\/a><\/li><li><a href=\"https:\/\/maison-du-midi.fr\/blog\/renovation\/isolation-maison-ancienne-comment-optimiser-le-confort-thermique-avec-des-murs-en-pierre\/\" class=\"simple\">Isolation maison ancienne : comment optimiser le confort thermique avec des murs en pierre<\/a><\/li><li><a href=\"https:\/\/maison-du-midi.fr\/blog\/renovation\/ce-quil-faut-savoir-sur-la-pierre-de-taille-en-renovation-de-facade\/\" class=\"simple\">Ce qu&#039;il faut savoir sur la pierre de taille en r\u00e9novation de fa\u00e7ade<\/a><\/li><li><a href=\"https:\/\/maison-du-midi.fr\/blog\/renovation\/les-bastides-provencales-leur-histoire-architecture-et-charme-authentique\/\" class=\"simple\">Les bastides proven\u00e7ales : leur histoire, architecture et charme authentique<\/a><\/li><li><a href=\"https:\/\/maison-du-midi.fr\/blog\/renovation\/renovation-dun-mas-provencal-comment-preserver-son-charme-authentique\/\" class=\"simple\">R\u00e9novation d\u2019un mas proven\u00e7al : comment pr\u00e9server son charme authentique<\/a><\/li><\/ul><h2><a href=\"https:\/\/maison-du-midi.fr\/blog\/renovation-et-construction\/\" class=\"simple\">R\u00e9novation et Construction<\/a><\/h2><ul><li><a href=\"https:\/\/maison-du-midi.fr\/blog\/renovation-et-construction\/decouvrez-les-secrets-dun-maitre-doeuvre-comment-orchestrer-votre-projet-de-construction-a-la-perfection\/\" class=\"simple\">D\u00e9couvrez les Secrets d&#039;un Ma\u00eetre d&#039;\u0153uvre : Comment Orchestrer Votre Projet de Construction \u00e0 la Perfection<\/a><\/li><li><a href=\"https:\/\/maison-du-midi.fr\/blog\/renovation-et-construction\/decouvrez-le-guide-ultime-pour-transformer-votre-maison-dans-lorne-astuces-dexperts-et-tendances-incontournables\/\" class=\"simple\">D\u00e9couvrez le Guide Ultime pour Transformer votre Maison dans l&#039;Orne : Astuces d&#039;Experts et Tendances Incontournables<\/a><\/li><li><a href=\"https:\/\/maison-du-midi.fr\/blog\/renovation-et-construction\/decouvrez-les-secrets-pour-transformer-votre-maison-dans-lorne-un-melange-unique-de-tradition-et-modernite\/\" class=\"simple\">D\u00e9couvrez les Secrets pour Transformer votre Maison dans l&#039;Orne : Un M\u00e9lange Unique de Tradition et Modernit\u00e9<\/a><\/li><\/ul>\n","protected":false},"excerpt":{"rendered":"","protected":false},"author":34,"featured_media":0,"parent":0,"menu_order":0,"comment_status":"closed","ping_status":"closed","template":"","meta":{"_acf_changed":false,"manual_indexmenow":false,"indexmenow_id_project":0,"footnotes":""},"class_list":["post-66","page","type-page","status-publish"],"acf":[],"yoast_head":"<!-- This site is optimized with the Yoast SEO Premium plugin v21.3 (Yoast SEO v26.5) - https:\/\/yoast.com\/wordpress\/plugins\/seo\/ -->\n<title>Plan du site<\/title>\n<meta name=\"description\" content=\"Plan du site Maison du Midi : retrouvez facilement toutes nos pages et articles d\u00e9di\u00e9s \u00e0 la d\u00e9co, la r\u00e9novation et l&#039;art de vivre du Sud.\" \/>\n<meta name=\"robots\" content=\"index, follow, max-snippet:-1, max-image-preview:large, max-video-preview:-1\" \/>\n<link rel=\"canonical\" href=\"https:\/\/maison-du-midi.fr\/blog\/plan-du-site\/\" \/>\n<meta property=\"og:locale\" content=\"fr_FR\" \/>\n<meta property=\"og:type\" content=\"article\" \/>\n<meta property=\"og:title\" content=\"Plan du site\" \/>\n<meta property=\"og:description\" content=\"Plan du site Maison du Midi : retrouvez facilement toutes nos pages et articles d\u00e9di\u00e9s \u00e0 la d\u00e9co, la r\u00e9novation et l&#039;art de vivre du Sud.\" \/>\n<meta property=\"og:url\" content=\"https:\/\/maison-du-midi.fr\/blog\/plan-du-site\/\" \/>\n<meta property=\"og:site_name\" content=\"maison-du-midi\" \/>\n<meta name=\"twitter:card\" content=\"summary_large_image\" \/>\n<script type=\"application\/ld+json\" class=\"yoast-schema-graph\">{\"@context\":\"https:\/\/schema.org\",\"@graph\":[{\"@type\":\"WebPage\",\"@id\":\"https:\/\/maison-du-midi.fr\/blog\/plan-du-site\/\",\"url\":\"https:\/\/maison-du-midi.fr\/blog\/plan-du-site\/\",\"name\":\"Plan du site\",\"isPartOf\":{\"@id\":\"https:\/\/maison-du-midi.fr\/blog\/#website\"},\"datePublished\":\"2023-10-11T10:06:52+00:00\",\"description\":\"Plan du site Maison du Midi : retrouvez facilement toutes nos pages et articles d\u00e9di\u00e9s \u00e0 la d\u00e9co, la r\u00e9novation et l'art de vivre du Sud.\",\"inLanguage\":\"fr-FR\",\"potentialAction\":[{\"@type\":\"ReadAction\",\"target\":[\"https:\/\/maison-du-midi.fr\/blog\/plan-du-site\/\"]}]},{\"@type\":\"WebSite\",\"@id\":\"https:\/\/maison-du-midi.fr\/blog\/#website\",\"url\":\"https:\/\/maison-du-midi.fr\/blog\/\",\"name\":\"maison-du-midi.fr\",\"description\":\"Maison du Midi, l&#039;\u00e9l\u00e9gance du terroir\",\"publisher\":{\"@id\":\"https:\/\/maison-du-midi.fr\/blog\/#organization\"},\"alternateName\":\"Maison du Midi, l'\u00e9l\u00e9gance du terroir\",\"potentialAction\":[{\"@type\":\"SearchAction\",\"target\":{\"@type\":\"EntryPoint\",\"urlTemplate\":\"https:\/\/maison-du-midi.fr\/blog\/?s={search_term_string}\"},\"query-input\":{\"@type\":\"PropertyValueSpecification\",\"valueRequired\":true,\"valueName\":\"search_term_string\"}}],\"inLanguage\":\"fr-FR\"},{\"@type\":\"Organization\",\"@id\":\"https:\/\/maison-du-midi.fr\/blog\/#organization\",\"name\":\"Foretsensations.fr\",\"url\":\"https:\/\/maison-du-midi.fr\/blog\/\",\"logo\":{\"@type\":\"ImageObject\",\"inLanguage\":\"fr-FR\",\"@id\":\"https:\/\/maison-du-midi.fr\/blog\/#\/schema\/logo\/image\/\",\"url\":\"https:\/\/maison-du-midi.fr\/blog\/wp-content\/uploads\/2026\/07\/logo-auto.png\",\"contentUrl\":\"https:\/\/maison-du-midi.fr\/blog\/wp-content\/uploads\/2026\/07\/logo-auto.png\",\"width\":1024,\"height\":1024,\"caption\":\"Foretsensations.fr\"},\"image\":{\"@id\":\"https:\/\/maison-du-midi.fr\/blog\/#\/schema\/logo\/image\/\"}}]}<\/script>\n<!-- \/ Yoast SEO Premium plugin. -->","yoast_head_json":{"title":"Plan du site","description":"Plan du site Maison du Midi : retrouvez facilement toutes nos pages et articles d\u00e9di\u00e9s \u00e0 la d\u00e9co, la r\u00e9novation et l'art de vivre du Sud.","robots":{"index":"index","follow":"follow","max-snippet":"max-snippet:-1","max-image-preview":"max-image-preview:large","max-video-preview":"max-video-preview:-1"},"canonical":"https:\/\/maison-du-midi.fr\/blog\/plan-du-site\/","og_locale":"fr_FR","og_type":"article","og_title":"Plan du site","og_description":"Plan du site Maison du Midi : retrouvez facilement toutes nos pages et articles d\u00e9di\u00e9s \u00e0 la d\u00e9co, la r\u00e9novation et l'art de vivre du Sud.","og_url":"https:\/\/maison-du-midi.fr\/blog\/plan-du-site\/","og_site_name":"maison-du-midi","twitter_card":"summary_large_image","schema":{"@context":"https:\/\/schema.org","@graph":[{"@type":"WebPage","@id":"https:\/\/maison-du-midi.fr\/blog\/plan-du-site\/","url":"https:\/\/maison-du-midi.fr\/blog\/plan-du-site\/","name":"Plan du site","isPartOf":{"@id":"https:\/\/maison-du-midi.fr\/blog\/#website"},"datePublished":"2023-10-11T10:06:52+00:00","description":"Plan du site Maison du Midi : retrouvez facilement toutes nos pages et articles d\u00e9di\u00e9s \u00e0 la d\u00e9co, la r\u00e9novation et l'art de vivre du Sud.","inLanguage":"fr-FR","potentialAction":[{"@type":"ReadAction","target":["https:\/\/maison-du-midi.fr\/blog\/plan-du-site\/"]}]},{"@type":"WebSite","@id":"https:\/\/maison-du-midi.fr\/blog\/#website","url":"https:\/\/maison-du-midi.fr\/blog\/","name":"maison-du-midi.fr","description":"Maison du Midi, l&#039;\u00e9l\u00e9gance du terroir","publisher":{"@id":"https:\/\/maison-du-midi.fr\/blog\/#organization"},"alternateName":"Maison du Midi, l'\u00e9l\u00e9gance du terroir","potentialAction":[{"@type":"SearchAction","target":{"@type":"EntryPoint","urlTemplate":"https:\/\/maison-du-midi.fr\/blog\/?s={search_term_string}"},"query-input":{"@type":"PropertyValueSpecification","valueRequired":true,"valueName":"search_term_string"}}],"inLanguage":"fr-FR"},{"@type":"Organization","@id":"https:\/\/maison-du-midi.fr\/blog\/#organization","name":"Foretsensations.fr","url":"https:\/\/maison-du-midi.fr\/blog\/","logo":{"@type":"ImageObject","inLanguage":"fr-FR","@id":"https:\/\/maison-du-midi.fr\/blog\/#\/schema\/logo\/image\/","url":"https:\/\/maison-du-midi.fr\/blog\/wp-content\/uploads\/2026\/07\/logo-auto.png","contentUrl":"https:\/\/maison-du-midi.fr\/blog\/wp-content\/uploads\/2026\/07\/logo-auto.png","width":1024,"height":1024,"caption":"Foretsensations.fr"},"image":{"@id":"https:\/\/maison-du-midi.fr\/blog\/#\/schema\/logo\/image\/"}}]}},"_links":{"self":[{"href":"https:\/\/maison-du-midi.fr\/blog\/wp-json\/wp\/v2\/pages\/66","targetHints":{"allow":["GET"]}}],"collection":[{"href":"https:\/\/maison-du-midi.fr\/blog\/wp-json\/wp\/v2\/pages"}],"about":[{"href":"https:\/\/maison-du-midi.fr\/blog\/wp-json\/wp\/v2\/types\/page"}],"author":[{"embeddable":true,"href":"https:\/\/maison-du-midi.fr\/blog\/wp-json\/wp\/v2\/users\/34"}],"replies":[{"embeddable":true,"href":"https:\/\/maison-du-midi.fr\/blog\/wp-json\/wp\/v2\/comments?post=66"}],"version-history":[{"count":1,"href":"https:\/\/maison-du-midi.fr\/blog\/wp-json\/wp\/v2\/pages\/66\/revisions"}],"predecessor-version":[{"id":67,"href":"https:\/\/maison-du-midi.fr\/blog\/wp-json\/wp\/v2\/pages\/66\/revisions\/67"}],"wp:attachment":[{"href":"https:\/\/maison-du-midi.fr\/blog\/wp-json\/wp\/v2\/media?parent=66"}],"curies":[{"name":"wp","href":"https:\/\/api.w.org\/{rel}","templated":true}]}}